{"id":625,"date":"2024-02-21T19:55:17","date_gmt":"2024-02-21T19:55:17","guid":{"rendered":"https:\/\/awagraz.org\/?page_id=625"},"modified":"2025-12-13T19:30:35","modified_gmt":"2025-12-13T18:30:35","slug":"impressum","status":"publish","type":"page","link":"https:\/\/awagraz.org\/en\/impressum\/","title":{"rendered":"Imprint"},"content":{"rendered":"<div class=\"wp-block-columns is-layout-flex wp-container-core-columns-is-layout-1ec2ec05 wp-block-columns-is-layout-flex\" style=\"margin-top:0;margin-bottom:0;padding-top:0;padding-right:0;padding-bottom:0;padding-left:0\">\n<div class=\"wp-block-column is-layout-flow wp-block-column-is-layout-flow\" style=\"flex-basis:66%\">\n<p>Informationen und Offenlegung gem\u00e4\u00df \u00a75 (1) ECG, \u00a725 MedienG, \u00a763 GewO und \u00a714 UGB:<\/p>\n\n\n\n<div class=\"wp-block-group is-layout-constrained wp-container-core-group-is-layout-72d38984 wp-block-group-is-layout-constrained\" style=\"margin-top:0;margin-bottom:0;padding-top:0;padding-right:0;padding-bottom:0;padding-left:0\">\n<p>Website-Betreiberin: awaGraz &#8211; Verein f\u00fcr Awarenessarbeit<\/p>\n\n\n\n<p>ZVR-Zahl: 1367900126<\/p>\n\n\n\n<p>Anschrift:<br>awaGraz &#8211; Verein f\u00fcr Awarenessarbeit<br>c.o. Forum Stadtpark<br>Stadtpark 1<br>8010 Graz<\/p>\n\n\n\n<p>E-Mail: info@awagraz.org<\/p>\n\n\n\n<p>IBAN: AT35&nbsp;2081&nbsp;5000&nbsp;4506&nbsp;7840<\/p>\n<\/div>\n<\/div>\n\n\n\n<div class=\"wp-block-column is-layout-flow wp-block-column-is-layout-flow\" style=\"flex-basis:33%\">\n<figure class=\"wp-block-image size-large\" style=\"margin-top:0;margin-bottom:0\"><img loading=\"lazy\" decoding=\"async\" width=\"1024\" height=\"658\" src=\"https:\/\/awagraz.org\/wp-content\/uploads\/2025\/05\/A9_Kultur_Europa_Sport-1024x658.png\" alt=\"Gef\u00f6rdert von dem Land Steiermark, Ministerium f\u00fcr Kultur, Europa, Sport (A9)\" class=\"wp-image-1521\" style=\"aspect-ratio:16\/9;object-fit:contain\" srcset=\"https:\/\/awagraz.org\/wp-content\/uploads\/2025\/05\/A9_Kultur_Europa_Sport-1024x658.png 1024w, https:\/\/awagraz.org\/wp-content\/uploads\/2025\/05\/A9_Kultur_Europa_Sport-300x193.png 300w, https:\/\/awagraz.org\/wp-content\/uploads\/2025\/05\/A9_Kultur_Europa_Sport-768x494.png 768w, https:\/\/awagraz.org\/wp-content\/uploads\/2025\/05\/A9_Kultur_Europa_Sport-1536x987.png 1536w, https:\/\/awagraz.org\/wp-content\/uploads\/2025\/05\/A9_Kultur_Europa_Sport.png 1772w\" sizes=\"auto, (max-width: 1024px) 100vw, 1024px\" \/><\/figure>\n\n\n\n<p class=\"has-text-align-center has-small-font-size\" style=\"margin-top:-30px;margin-right:60px;margin-bottom:-30px;margin-left:60px;padding-top:0;padding-bottom:0\">Gef\u00f6rdert vom Land Steiermark, Ministerium f\u00fcr Kultur, Europa, Sport (A9)<\/p>\n<\/div>\n<\/div>\n\n\n\n<p>Website: www.awagraz.org<\/p>\n\n\n\n<p>Vereinszweck und grundlegende Richtung entspricht den geltenden Statuten.<\/p>\n\n\n\n<p>Alle Texte auf dieser Website wurden sorgf\u00e4ltig erarbeitet und \u00fcberpr\u00fcft. Trotzdem kann Richtigkeit, Vollst\u00e4ndigkeit und Aktualit\u00e4t nicht garantiert werden.<\/p>\n\n\n\n<p>Obwohl externe Links kontrolliert werden, kann awaGraz keine Haftung daf\u00fcr \u00fcbernehmen. F\u00fcr die Inhalte der verlinkten Seiten sind ausschlie\u00dflich deren Betreiber*innen verantwortlich.<\/p>\n\n\n\n<p>Angaben zur Online-Streitbeilegung:<\/p>\n\n\n\n<p>Verbraucher:innen haben die M\u00f6glichkeit, Beschwerden an die Online-Streitbeilegungsplattform der EU zu richten: https:\/\/ec.europa.eu\/odr<\/p>\n\n\n\n<p>Sie k\u00f6nnen allf\u00e4llige Beschwerden auch an die oben angegebene E-Mail-Adresse richten.<\/p>","protected":false},"excerpt":{"rendered":"<p>Informationen und Offenlegung gem\u00e4\u00df \u00a75 (1) ECG, \u00a725 MedienG, \u00a763 GewO und \u00a714 UGB: Website-Betreiberin: awaGraz &#8211; Verein f\u00fcr Awarenessarbeit ZVR-Zahl: 1367900126 Anschrift:awaGraz &#8211; Verein f\u00fcr Awarenessarbeitc.o. Forum StadtparkStadtpark 18010 [&hellip;]<\/p>","protected":false},"author":2,"featured_media":0,"parent":0,"menu_order":0,"comment_status":"closed","ping_status":"closed","template":"","meta":{"_acf_changed":false,"_eb_attr":"","site-sidebar-layout":"default","site-content-layout":"","ast-site-content-layout":"","site-content-style":"default","site-sidebar-style":"default","ast-global-header-display":"","ast-banner-title-visibility":"","ast-main-header-display":"","ast-hfb-above-header-display":"","ast-hfb-below-header-display":"","ast-hfb-mobile-header-display":"","site-post-title":"","ast-breadcrumbs-content":"","ast-featured-img":"","footer-sml-layout":"","ast-disable-related-posts":"","theme-transparent-header-meta":"","adv-header-id-meta":"","stick-header-meta":"","header-above-stick-meta":"","header-main-stick-meta":"","header-below-stick-meta":"","astra-migrate-meta-layouts":"default","ast-page-background-enabled":"default","ast-page-background-meta":{"desktop":{"background-color":"var(--ast-global-color-4)","background-image":"","background-repeat":"repeat","background-position":"center center","background-size":"auto","background-attachment":"scroll","background-type":"","background-media":"","overlay-type":"","overlay-color":"","overlay-gradient":""},"tablet":{"background-color":"","background-image":"","background-repeat":"repeat","background-position":"center center","background-size":"auto","background-attachment":"scroll","background-type":"","background-media":"","overlay-type":"","overlay-color":"","overlay-gradient":""},"mobile":{"background-color":"","background-image":"","background-repeat":"repeat","background-position":"center center","background-size":"auto","background-attachment":"scroll","background-type":"","background-media":"","overlay-type":"","overlay-color":"","overlay-gradient":""}},"ast-content-background-meta":{"desktop":{"background-color":"var(--ast-global-color-5)","background-image":"","background-repeat":"repeat","background-position":"center center","background-size":"auto","background-attachment":"scroll","background-type":"","background-media":"","overlay-type":"","overlay-color":"","overlay-gradient":""},"tablet":{"background-color":"var(--ast-global-color-5)","background-image":"","background-repeat":"repeat","background-position":"center center","background-size":"auto","background-attachment":"scroll","background-type":"","background-media":"","overlay-type":"","overlay-color":"","overlay-gradient":""},"mobile":{"background-color":"var(--ast-global-color-5)","background-image":"","background-repeat":"repeat","background-position":"center center","background-size":"auto","background-attachment":"scroll","background-type":"","background-media":"","overlay-type":"","overlay-color":"","overlay-gradient":""}},"_EventAllDay":false,"_EventTimezone":"","_EventStartDate":"","_EventEndDate":"","_EventStartDateUTC":"","_EventEndDateUTC":"","_EventShowMap":false,"_EventShowMapLink":false,"_EventURL":"","_EventCost":"","_EventCostDescription":"","_EventCurrencySymbol":"","_EventCurrencyCode":"","_EventCurrencyPosition":"","_EventDateTimeSeparator":"","_EventTimeRangeSeparator":"","_EventOrganizerID":[],"_EventVenueID":[],"_OrganizerEmail":"","_OrganizerPhone":"","_OrganizerWebsite":"","_VenueAddress":"","_VenueCity":"","_VenueCountry":"","_VenueProvince":"","_VenueState":"","_VenueZip":"","_VenuePhone":"","_VenueURL":"","_VenueStateProvince":"","_VenueLat":"","_VenueLng":"","_VenueShowMap":false,"_VenueShowMapLink":false,"footnotes":""},"class_list":["post-625","page","type-page","status-publish","hentry"],"acf":[],"yoast_head":"<!-- This site is optimized with the Yoast SEO plugin v27.3 - https:\/\/yoast.com\/product\/yoast-seo-wordpress\/ -->\n<title>Impressum - awaGraz<\/title>\n<meta name=\"robots\" content=\"noindex, nofollow\" \/>\n<meta property=\"og:locale\" content=\"en_US\" \/>\n<meta property=\"og:type\" content=\"article\" \/>\n<meta property=\"og:title\" content=\"Impressum - awaGraz\" \/>\n<meta property=\"og:description\" content=\"Informationen und Offenlegung gem\u00e4\u00df \u00a75 (1) ECG, \u00a725 MedienG, \u00a763 GewO und \u00a714 UGB: Website-Betreiberin: awaGraz &#8211; Verein f\u00fcr Awarenessarbeit ZVR-Zahl: 1367900126 Anschrift:awaGraz &#8211; Verein f\u00fcr Awarenessarbeitc.o. Forum StadtparkStadtpark 18010 [&hellip;]\" \/>\n<meta property=\"og:url\" content=\"https:\/\/awagraz.org\/en\/impressum\/\" \/>\n<meta property=\"og:site_name\" content=\"awaGraz\" \/>\n<meta property=\"article:modified_time\" content=\"2025-12-13T18:30:35+00:00\" \/>\n<meta property=\"og:image\" content=\"https:\/\/awagraz.org\/wp-content\/uploads\/2025\/05\/A9_Kultur_Europa_Sport.png\" \/>\n\t<meta property=\"og:image:width\" content=\"1772\" \/>\n\t<meta property=\"og:image:height\" content=\"1139\" \/>\n\t<meta property=\"og:image:type\" content=\"image\/png\" \/>\n<meta name=\"twitter:card\" content=\"summary_large_image\" \/>\n<meta name=\"twitter:label1\" content=\"Est. reading time\" \/>\n\t<meta name=\"twitter:data1\" content=\"1 minute\" \/>\n<script type=\"application\/ld+json\" class=\"yoast-schema-graph\">{\"@context\":\"https:\\\/\\\/schema.org\",\"@graph\":[{\"@type\":\"WebPage\",\"@id\":\"https:\\\/\\\/awagraz.org\\\/impressum\\\/\",\"url\":\"https:\\\/\\\/awagraz.org\\\/impressum\\\/\",\"name\":\"Impressum - awaGraz\",\"isPartOf\":{\"@id\":\"https:\\\/\\\/awagraz.org\\\/#website\"},\"primaryImageOfPage\":{\"@id\":\"https:\\\/\\\/awagraz.org\\\/impressum\\\/#primaryimage\"},\"image\":{\"@id\":\"https:\\\/\\\/awagraz.org\\\/impressum\\\/#primaryimage\"},\"thumbnailUrl\":\"https:\\\/\\\/awagraz.org\\\/wp-content\\\/uploads\\\/2025\\\/05\\\/A9_Kultur_Europa_Sport-1024x658.png\",\"datePublished\":\"2024-02-21T19:55:17+00:00\",\"dateModified\":\"2025-12-13T18:30:35+00:00\",\"breadcrumb\":{\"@id\":\"https:\\\/\\\/awagraz.org\\\/impressum\\\/#breadcrumb\"},\"inLanguage\":\"en-US\",\"potentialAction\":[{\"@type\":\"ReadAction\",\"target\":[\"https:\\\/\\\/awagraz.org\\\/impressum\\\/\"]}]},{\"@type\":\"ImageObject\",\"inLanguage\":\"en-US\",\"@id\":\"https:\\\/\\\/awagraz.org\\\/impressum\\\/#primaryimage\",\"url\":\"https:\\\/\\\/awagraz.org\\\/wp-content\\\/uploads\\\/2025\\\/05\\\/A9_Kultur_Europa_Sport-1024x658.png\",\"contentUrl\":\"https:\\\/\\\/awagraz.org\\\/wp-content\\\/uploads\\\/2025\\\/05\\\/A9_Kultur_Europa_Sport-1024x658.png\"},{\"@type\":\"BreadcrumbList\",\"@id\":\"https:\\\/\\\/awagraz.org\\\/impressum\\\/#breadcrumb\",\"itemListElement\":[{\"@type\":\"ListItem\",\"position\":1,\"name\":\"Startseite\",\"item\":\"https:\\\/\\\/awagraz.org\\\/\"},{\"@type\":\"ListItem\",\"position\":2,\"name\":\"Impressum\"}]},{\"@type\":\"WebSite\",\"@id\":\"https:\\\/\\\/awagraz.org\\\/#website\",\"url\":\"https:\\\/\\\/awagraz.org\\\/\",\"name\":\"awaGraz\",\"description\":\"Verein f\u00fcr Awareness-Arbeit\",\"publisher\":{\"@id\":\"https:\\\/\\\/awagraz.org\\\/#organization\"},\"potentialAction\":[{\"@type\":\"SearchAction\",\"target\":{\"@type\":\"EntryPoint\",\"urlTemplate\":\"https:\\\/\\\/awagraz.org\\\/?s={search_term_string}\"},\"query-input\":{\"@type\":\"PropertyValueSpecification\",\"valueRequired\":true,\"valueName\":\"search_term_string\"}}],\"inLanguage\":\"en-US\"},{\"@type\":\"Organization\",\"@id\":\"https:\\\/\\\/awagraz.org\\\/#organization\",\"name\":\"awaGraz - Verein f\u00fcr Awarenessarbeit\",\"url\":\"https:\\\/\\\/awagraz.org\\\/\",\"logo\":{\"@type\":\"ImageObject\",\"inLanguage\":\"en-US\",\"@id\":\"https:\\\/\\\/awagraz.org\\\/#\\\/schema\\\/logo\\\/image\\\/\",\"url\":\"https:\\\/\\\/awagraz.org\\\/wp-content\\\/uploads\\\/2024\\\/01\\\/cropped-awaGraz_Wortmarke_schwarz-1.png\",\"contentUrl\":\"https:\\\/\\\/awagraz.org\\\/wp-content\\\/uploads\\\/2024\\\/01\\\/cropped-awaGraz_Wortmarke_schwarz-1.png\",\"width\":898,\"height\":122,\"caption\":\"awaGraz - Verein f\u00fcr Awarenessarbeit\"},\"image\":{\"@id\":\"https:\\\/\\\/awagraz.org\\\/#\\\/schema\\\/logo\\\/image\\\/\"},\"sameAs\":[\"https:\\\/\\\/www.instagram.com\\\/awa_graz\\\/\"]}]}<\/script>\n<!-- \/ Yoast SEO plugin. -->","yoast_head_json":{"title":"Impressum - awaGraz","robots":{"index":"noindex","follow":"nofollow"},"og_locale":"en_US","og_type":"article","og_title":"Impressum - awaGraz","og_description":"Informationen und Offenlegung gem\u00e4\u00df \u00a75 (1) ECG, \u00a725 MedienG, \u00a763 GewO und \u00a714 UGB: Website-Betreiberin: awaGraz &#8211; Verein f\u00fcr Awarenessarbeit ZVR-Zahl: 1367900126 Anschrift:awaGraz &#8211; Verein f\u00fcr Awarenessarbeitc.o. Forum StadtparkStadtpark 18010 [&hellip;]","og_url":"https:\/\/awagraz.org\/en\/impressum\/","og_site_name":"awaGraz","article_modified_time":"2025-12-13T18:30:35+00:00","og_image":[{"width":1772,"height":1139,"url":"https:\/\/awagraz.org\/wp-content\/uploads\/2025\/05\/A9_Kultur_Europa_Sport.png","type":"image\/png"}],"twitter_card":"summary_large_image","twitter_misc":{"Est. reading time":"1 minute"},"schema":{"@context":"https:\/\/schema.org","@graph":[{"@type":"WebPage","@id":"https:\/\/awagraz.org\/impressum\/","url":"https:\/\/awagraz.org\/impressum\/","name":"Impressum - awaGraz","isPartOf":{"@id":"https:\/\/awagraz.org\/#website"},"primaryImageOfPage":{"@id":"https:\/\/awagraz.org\/impressum\/#primaryimage"},"image":{"@id":"https:\/\/awagraz.org\/impressum\/#primaryimage"},"thumbnailUrl":"https:\/\/awagraz.org\/wp-content\/uploads\/2025\/05\/A9_Kultur_Europa_Sport-1024x658.png","datePublished":"2024-02-21T19:55:17+00:00","dateModified":"2025-12-13T18:30:35+00:00","breadcrumb":{"@id":"https:\/\/awagraz.org\/impressum\/#breadcrumb"},"inLanguage":"en-US","potentialAction":[{"@type":"ReadAction","target":["https:\/\/awagraz.org\/impressum\/"]}]},{"@type":"ImageObject","inLanguage":"en-US","@id":"https:\/\/awagraz.org\/impressum\/#primaryimage","url":"https:\/\/awagraz.org\/wp-content\/uploads\/2025\/05\/A9_Kultur_Europa_Sport-1024x658.png","contentUrl":"https:\/\/awagraz.org\/wp-content\/uploads\/2025\/05\/A9_Kultur_Europa_Sport-1024x658.png"},{"@type":"BreadcrumbList","@id":"https:\/\/awagraz.org\/impressum\/#breadcrumb","itemListElement":[{"@type":"ListItem","position":1,"name":"Startseite","item":"https:\/\/awagraz.org\/"},{"@type":"ListItem","position":2,"name":"Impressum"}]},{"@type":"WebSite","@id":"https:\/\/awagraz.org\/#website","url":"https:\/\/awagraz.org\/","name":"awaGraz","description":"Verein f\u00fcr Awareness-Arbeit","publisher":{"@id":"https:\/\/awagraz.org\/#organization"},"potentialAction":[{"@type":"SearchAction","target":{"@type":"EntryPoint","urlTemplate":"https:\/\/awagraz.org\/?s={search_term_string}"},"query-input":{"@type":"PropertyValueSpecification","valueRequired":true,"valueName":"search_term_string"}}],"inLanguage":"en-US"},{"@type":"Organization","@id":"https:\/\/awagraz.org\/#organization","name":"awaGraz - Verein f\u00fcr Awarenessarbeit","url":"https:\/\/awagraz.org\/","logo":{"@type":"ImageObject","inLanguage":"en-US","@id":"https:\/\/awagraz.org\/#\/schema\/logo\/image\/","url":"https:\/\/awagraz.org\/wp-content\/uploads\/2024\/01\/cropped-awaGraz_Wortmarke_schwarz-1.png","contentUrl":"https:\/\/awagraz.org\/wp-content\/uploads\/2024\/01\/cropped-awaGraz_Wortmarke_schwarz-1.png","width":898,"height":122,"caption":"awaGraz - Verein f\u00fcr Awarenessarbeit"},"image":{"@id":"https:\/\/awagraz.org\/#\/schema\/logo\/image\/"},"sameAs":["https:\/\/www.instagram.com\/awa_graz\/"]}]}},"_links":{"self":[{"href":"https:\/\/awagraz.org\/en\/wp-json\/wp\/v2\/pages\/625","targetHints":{"allow":["GET"]}}],"collection":[{"href":"https:\/\/awagraz.org\/en\/wp-json\/wp\/v2\/pages"}],"about":[{"href":"https:\/\/awagraz.org\/en\/wp-json\/wp\/v2\/types\/page"}],"author":[{"embeddable":true,"href":"https:\/\/awagraz.org\/en\/wp-json\/wp\/v2\/users\/2"}],"replies":[{"embeddable":true,"href":"https:\/\/awagraz.org\/en\/wp-json\/wp\/v2\/comments?post=625"}],"version-history":[{"count":18,"href":"https:\/\/awagraz.org\/en\/wp-json\/wp\/v2\/pages\/625\/revisions"}],"predecessor-version":[{"id":2676,"href":"https:\/\/awagraz.org\/en\/wp-json\/wp\/v2\/pages\/625\/revisions\/2676"}],"wp:attachment":[{"href":"https:\/\/awagraz.org\/en\/wp-json\/wp\/v2\/media?parent=625"}],"curies":[{"name":"wp","href":"https:\/\/api.w.org\/{rel}","templated":true}]}}